{"id":8130,"date":"2023-07-28T13:48:16","date_gmt":"2023-07-28T10:48:16","guid":{"rendered":"https:\/\/grupcam.com.tr\/?page_id=8130"},"modified":"2024-01-05T14:27:07","modified_gmt":"2024-01-05T11:27:07","slug":"hakkimizda","status":"publish","type":"page","link":"https:\/\/grupcam.com.tr\/tr\/hakkimizda\/","title":{"rendered":"HAKKIMIZDA"},"content":{"rendered":"<section class=\"l-section wpb_row us_custom_3e1e967c height_custom with_img\"><div class=\"l-section-img\" role=\"img\" data-img-width=\"1920\" data-img-height=\"450\" style=\"background-image: url(https:\/\/grupcam.com.tr\/wp-content\/uploads\/2024\/01\/hakkimizda-img.jpg);\"><\/div><div class=\"l-section-h i-cf\"><div class=\"g-cols vc_row via_flex valign_top type_default stacking_default\"><div class=\"vc_col-sm-12 wpb_column vc_column_container\"><div class=\"vc_column-inner\"><div class=\"wpb_wrapper\"><\/div><\/div><\/div><\/div><\/div><\/section><section class=\"l-section wpb_row hoverefecta height_custom\"><div class=\"l-section-h i-cf\"><div class=\"g-cols vc_row via_flex valign_top type_default stacking_default\"><div class=\"vc_col-sm-12 wpb_column vc_column_container\"><div class=\"vc_column-inner\"><div class=\"wpb_wrapper\"><div class=\"g-cols wpb_row via_flex valign_top type_default stacking_default\"><div class=\"vc_col-sm-12 wpb_column vc_column_container\"><div class=\"vc_column-inner\"><div class=\"wpb_wrapper\"><div class=\"wpb_text_column us_custom_380a0dd8 baslikline\"><div class=\"wpb_wrapper\"><h3>HAKKIMIZDA<\/h3>\n<\/div><\/div><\/div><\/div><\/div><\/div><div class=\"w-separator size_small\"><\/div><div class=\"g-cols wpb_row via_flex valign_top type_default stacking_default\"><div class=\"vc_col-sm-6 wpb_column vc_column_container\"><div class=\"vc_column-inner us_custom_6a2c19af\"><div class=\"wpb_wrapper\"><div class=\"wpb_text_column us_custom_5d3ffa3d\"><div class=\"wpb_wrapper\"><p style=\"text-align: justify;\">1993\u2019ten beri farkl\u0131 hayatlara, farkl\u0131 \u00fclkelere ayn\u0131 pencereden bak\u0131yoruz. Uzun y\u0131llard\u0131r emek verdi\u011fimiz sekt\u00f6r\u00fcm\u00fczde milyonlarca ki\u015finin y\u00fcz\u00fcn\u00fc g\u00fcld\u00fcr\u00fcyor, \u00fcst d\u00fczey m\u00fc\u015fteri memnuniyetini hedefliyoruz.<\/p>\n<p style=\"text-align: justify;\">Firmam\u0131z, her t\u00fcrl\u00fc mimari cephe ve konut uygulamalar\u0131 i\u00e7in \u00f6zel olarak tasarlanm\u0131\u015f do\u011frama, cephe kaplama, parapet camlar\u0131 ve di\u011fer \u00fcr\u00fcnleri y\u00fcksek kalitede \u00fcreterek m\u00fc\u015fteriye sunmaktad\u0131r.<\/p>\n<p style=\"text-align: justify;\">Ankara Anadolu OSB\u2019de bulunan \u00fcretim tesisimizde artan kapasite, \u00fcr\u00fcn \u00e7e\u015fitlili\u011fi ve ileri teknolojili makine yat\u0131r\u0131mlar\u0131yla s\u00fcrekli geli\u015fim hedefini ba\u015far\u0131yla s\u00fcrd\u00fcr\u00fcyoruz. M\u00fc\u015fterilerimizin beklentilerini \u00f6n planda tutarak yola \u00e7\u0131k\u0131yor, t\u00fcm projelerimizde cama de\u011fer katmay\u0131 \u00f6ncelik edinip ad\u0131m\u0131z\u0131 kalite ve g\u00fcvenle \u00f6zde\u015fle\u015ftiriyoruz. 30 y\u0131l\u0131 a\u015fk\u0131n bir s\u00fcredir sekt\u00f6r\u00fcm\u00fczdeki yenilik\u00e7i yakla\u015f\u0131m\u0131m\u0131zla \u00fcretim ve hizmetlerimizde en \u00fcst d\u00fczeyde verimlilik sa\u011fl\u0131yoruz.<\/p>\n<\/div><\/div><\/div><\/div><\/div><div class=\"vc_col-sm-6 wpb_column vc_column_container\"><div class=\"vc_column-inner\"><div class=\"wpb_wrapper\"><div class=\"wpb_text_column us_custom_5d3ffa3d\"><div class=\"wpb_wrapper\"><p style=\"text-align: justify;\">Grupcam olarak, gelecekte de m\u00fc\u015fterilerimize daha iyi hizmet sunmak ve sekt\u00f6rdeki \u00f6nc\u00fc konumumuzu s\u00fcrd\u00fcrmek i\u00e7in ara\u015ft\u0131rma ve geli\u015ftirmeye \u00f6nem vermeye devam edece\u011fiz. Kalitemizle, g\u00fcvenilirli\u011fimizle ve s\u00fcrekli geli\u015fim anlay\u0131\u015f\u0131m\u0131zla gelecekte de t\u0131pk\u0131 \u015fu an oldu\u011fu gibi sekt\u00f6rde \u00f6nc\u00fc bir konumda olmay\u0131 hedefliyoruz.<\/p>\n<p style=\"text-align: justify;\">Grupcam olarak, d\u00fcnyan\u0131n d\u00f6rt bir yan\u0131nda gururla \u00fclkemizi temsil ediyor, geni\u015f ihracat a\u011f\u0131m\u0131z sayesinde t\u00fcm d\u00fcnyada farkl\u0131 \u015fehirlere ayn\u0131 pencereden bakman\u0131z\u0131 sa\u011fl\u0131yoruz. \u00dcretimlerimizin \u00e7o\u011funu ihra\u00e7 ederek \u00fclkemize katma de\u011fer sa\u011fl\u0131yor ve uzun y\u0131llara dayanan tecr\u00fcbe ve birikimlerimizle global d\u00fcnyada yeni pazarlara a\u00e7\u0131l\u0131yoruz.<\/p>\n<\/div><\/div><\/div><\/div><\/div><\/div><\/div><\/div><\/div><\/div><\/div><\/section><section class=\"l-section wpb_row height_auto\"><div class=\"l-section-overlay\" style=\"background:#F8ECE9\"><\/div><div class=\"l-section-h i-cf\"><div class=\"g-cols vc_row via_flex valign_top type_default stacking_default\"><div class=\"vc_col-sm-6 wpb_column vc_column_container vmcolumn\"><div class=\"vc_column-inner us_custom_49119c79\"><div class=\"wpb_wrapper\"><div class=\"w-iconbox vmicon iconpos_top style_default color_primary align_center no_text\"><div class=\"w-iconbox-icon\" style=\"font-size:3rem;\"><i class=\"fal fa-chart-line\"><\/i><\/div><div class=\"w-iconbox-meta\"><h4 class=\"w-iconbox-title\">Amac\u0131m\u0131z<\/h4><\/div><\/div><div class=\"wpb_text_column vmtext\"><div class=\"wpb_wrapper\"><p style=\"text-align: justify;\">M\u00fc\u015fterilerimizin ilk tercih etti\u011fi \u00e7\u00f6z\u00fcm orta\u011f\u0131 olarak, nitelikli yal\u0131t\u0131m cam\u0131 \u00fcretimi ve cam i\u015flemede odakland\u0131\u011f\u0131m\u0131z pazarlarda cama \u00fcr\u00fcn ve hizmet kalitemizle de\u011fer katar\u0131z.<\/p>\n<\/div><\/div><\/div><\/div><\/div><div class=\"vc_col-sm-6 wpb_column vc_column_container vmcolumn\"><div class=\"vc_column-inner us_custom_49119c79\"><div class=\"wpb_wrapper\"><div class=\"w-iconbox vmicon iconpos_top style_default color_primary align_center no_text\"><div class=\"w-iconbox-icon\" style=\"font-size:3rem;\"><i class=\"fal fa-crosshairs\"><\/i><\/div><div class=\"w-iconbox-meta\"><h4 class=\"w-iconbox-title\">Hedefimiz<\/h4><\/div><\/div><div class=\"wpb_text_column vmtext\"><div class=\"wpb_wrapper\"><p style=\"text-align: justify;\">S\u00fcrd\u00fcr\u00fclebilir b\u00fcy\u00fcme ile \u00fcr\u00fcn \u00e7e\u015fitlili\u011fimizi artt\u0131rarak kaliteli \u00fcr\u00fcn ve hizmet ilkemizden \u00f6d\u00fcn vermeksizin, mimari cam alan\u0131nda vazge\u00e7ilmez bir \u00e7\u00f6z\u00fcm orta\u011f\u0131 olmay\u0131; nitelikli referans projelerimizin say\u0131s\u0131n\u0131 her ge\u00e7en g\u00fcn daha da artt\u0131rmay\u0131 hedefliyoruz.<\/p>\n<\/div><\/div><\/div><\/div><\/div><\/div><\/div><\/section><section class=\"l-section wpb_row height_custom\"><div class=\"l-section-h i-cf\"><div class=\"g-cols vc_row via_flex valign_top type_default stacking_default\"><div class=\"vc_col-sm-12 wpb_column vc_column_container\"><div class=\"vc_column-inner\"><div class=\"wpb_wrapper\"><div class=\"wpb_text_column\"><div class=\"wpb_wrapper\"><h3 style=\"text-align: center;\">TEMEL DE\u011eERLER\u0130M\u0130Z<\/h3>\n<\/div><\/div><div class=\"w-separator size_small\"><\/div><div class=\"g-cols wpb_row via_flex valign_top type_default stacking_default\"><div class=\"vc_col-sm-3 wpb_column vc_column_container\"><div class=\"vc_column-inner\"><div class=\"wpb_wrapper\"><div class=\"w-iconbox temeldeger iconpos_top style_default color_custom align_center\"><div class=\"w-iconbox-icon\" style=\"font-size:3rem;--icon-color:#000000;\"><i class=\"fal fa-horizontal-rule\"><\/i><\/div><div class=\"w-iconbox-meta\"><h4 class=\"w-iconbox-title\">KAL\u0130TE<\/h4><div class=\"w-iconbox-text\"><p>Belirlenmi\u015f norm ve standartlara uygun \u00fcr\u00fcn \u00fcretir, kaliteli \u00fcretimden hi\u00e7bir \u015fartta taviz vermeyiz.<\/p>\n<\/div><\/div><\/div><\/div><\/div><\/div><div class=\"vc_col-sm-3 wpb_column vc_column_container\"><div class=\"vc_column-inner\"><div class=\"wpb_wrapper\"><div class=\"w-iconbox temeldeger iconpos_top style_default color_custom align_center\"><div class=\"w-iconbox-icon\" style=\"font-size:3rem;--icon-color:#000000;\"><i class=\"fal fa-horizontal-rule\"><\/i><\/div><div class=\"w-iconbox-meta\"><h4 class=\"w-iconbox-title\">M\u00dc\u015eTER\u0130 MEMNUN\u0130YET\u0130<\/h4><div class=\"w-iconbox-text\"><p>M\u00fc\u015fterilerimizin tekliften teslimata t\u00fcm deneyiminden memnun kalmas\u0131n\u0131 sa\u011flar, \u00fcr\u00fcn\u00fcn yan\u0131nda kaliteli hizmet veririz.<\/p>\n<\/div><\/div><\/div><\/div><\/div><\/div><div class=\"vc_col-sm-3 wpb_column vc_column_container\"><div class=\"vc_column-inner\"><div class=\"wpb_wrapper\"><div class=\"w-iconbox temeldeger iconpos_top style_default color_custom align_center\"><div class=\"w-iconbox-icon\" style=\"font-size:3rem;--icon-color:#000000;\"><i class=\"fal fa-horizontal-rule\"><\/i><\/div><div class=\"w-iconbox-meta\"><h4 class=\"w-iconbox-title\">\u00c7\u00d6Z\u00dcM ODAKLILIK<\/h4><div class=\"w-iconbox-text\"><p>M\u00fc\u015fterilerimiz ve di\u011fer t\u00fcm payda\u015flar\u0131m\u0131z i\u00e7in bahane de\u011fil, \u00e7\u00f6z\u00fcm \u00fcretiriz. T\u00fcm ili\u015fkilerimizde \u00e7\u00f6z\u00fcm odakl\u0131l\u0131k \u00f6nceli\u011fimizdir.<\/p>\n<\/div><\/div><\/div><\/div><\/div><\/div><div class=\"vc_col-sm-3 wpb_column vc_column_container\"><div class=\"vc_column-inner\"><div class=\"wpb_wrapper\"><div class=\"w-iconbox temeldeger iconpos_top style_default color_custom align_center\"><div class=\"w-iconbox-icon\" style=\"font-size:3rem;--icon-color:#000000;\"><i class=\"fal fa-horizontal-rule\"><\/i><\/div><div class=\"w-iconbox-meta\"><h4 class=\"w-iconbox-title\">G\u00dcVEN<\/h4><div class=\"w-iconbox-text\"><p>M\u00fc\u015fterilerimiz, \u00e7al\u0131\u015fanlar\u0131m\u0131z ve di\u011fer t\u00fcm payda\u015flar\u0131m\u0131zla ili\u015fkilerimizde g\u00fcven yarat\u0131r\u0131z.<\/p>\n<\/div><\/div><\/div><\/div><\/div><\/div><\/div><\/div><\/div><\/div><\/div><\/div><\/section><section class=\"l-section wpb_row height_custom\"><div class=\"l-section-overlay\" style=\"background:#F8ECE9\"><\/div><div class=\"l-section-h i-cf\"><div class=\"g-cols vc_row via_flex valign_top type_default stacking_default\"><div class=\"vc_col-sm-3 wpb_column vc_column_container\"><div class=\"vc_column-inner\"><div class=\"wpb_wrapper\"><div class=\"w-counter us_custom_e0a0cb60 sayac color_heading align_center has_font_size\" data-duration=\"4\"><div class=\"w-counter-value\"><span class=\"w-counter-value-part type_text\" data-final=\"\"><\/span><span class=\"w-counter-value-part type_number\" data-final=\"200.000\">0<\/span><span class=\"w-counter-value-part type_text\" data-final=\" m\u00b2\"><\/span><\/div><p class=\"w-counter-title\">\u00dcRET\u0130M KAPAS\u0130TES\u0130<\/p><\/div><\/div><\/div><\/div><div class=\"vc_col-sm-3 wpb_column vc_column_container\"><div class=\"vc_column-inner\"><div class=\"wpb_wrapper\"><div class=\"w-counter us_custom_e0a0cb60 sayac color_heading align_center has_font_size\" data-duration=\"4\"><div class=\"w-counter-value\"><span class=\"w-counter-value-part type_text\" data-final=\"\"><\/span><span class=\"w-counter-value-part type_number\" data-final=\"20\">0<\/span><span class=\"w-counter-value-part type_text\" data-final=\"+\"><\/span><\/div><p class=\"w-counter-title\">\u00dcR\u00dcN<\/p><\/div><\/div><\/div><\/div><div class=\"vc_col-sm-3 wpb_column vc_column_container\"><div class=\"vc_column-inner\"><div class=\"wpb_wrapper\"><div class=\"w-counter us_custom_e0a0cb60 sayac color_heading align_center has_font_size\" data-duration=\"4\"><div class=\"w-counter-value\"><span class=\"w-counter-value-part type_text\" data-final=\"\"><\/span><span class=\"w-counter-value-part type_number\" data-final=\"20\">0<\/span><span class=\"w-counter-value-part type_text\" data-final=\"+\"><\/span><\/div><p class=\"w-counter-title\">REFERANS PROJE<\/p><\/div><\/div><\/div><\/div><div class=\"vc_col-sm-3 wpb_column vc_column_container\"><div class=\"vc_column-inner\"><div class=\"wpb_wrapper\"><div class=\"w-counter us_custom_e0a0cb60 sayac color_heading align_center has_font_size\" data-duration=\"4\"><div class=\"w-counter-value\"><span class=\"w-counter-value-part type_text\" data-final=\"\"><\/span><span class=\"w-counter-value-part type_number\" data-final=\"30\">0<\/span><span class=\"w-counter-value-part type_text\" data-final=\"+\"><\/span><\/div><p class=\"w-counter-title\">YILLIK TECR\u00dcBE<\/p><\/div><\/div><\/div><\/div><\/div><\/div><\/section>\n","protected":false},"excerpt":{"rendered":"HAKKIMIZDA 1993\u2019ten beri farkl\u0131 hayatlara, farkl\u0131 \u00fclkelere ayn\u0131 pencereden bak\u0131yoruz. Uzun y\u0131llard\u0131r emek verdi\u011fimiz sekt\u00f6r\u00fcm\u00fczde milyonlarca ki\u015finin y\u00fcz\u00fcn\u00fc g\u00fcld\u00fcr\u00fcyor, \u00fcst d\u00fczey m\u00fc\u015fteri memnuniyetini hedefliyoruz. Firmam\u0131z, her t\u00fcrl\u00fc mimari cephe ve konut uygulamalar\u0131 i\u00e7in \u00f6zel olarak tasarlanm\u0131\u015f do\u011frama, cephe kaplama, parapet camlar\u0131 ve di\u011fer \u00fcr\u00fcnleri y\u00fcksek kalitede \u00fcreterek m\u00fc\u015fteriye sunmaktad\u0131r. Ankara Anadolu OSB\u2019de bulunan \u00fcretim tesisimizde...","protected":false},"author":1,"featured_media":0,"parent":0,"menu_order":0,"comment_status":"closed","ping_status":"closed","template":"","meta":{"_acf_changed":false,"footnotes":""},"class_list":["post-8130","page","type-page","status-publish","hentry"],"acf":[],"_links":{"self":[{"href":"https:\/\/grupcam.com.tr\/tr\/wp-json\/wp\/v2\/pages\/8130","targetHints":{"allow":["GET"]}}],"collection":[{"href":"https:\/\/grupcam.com.tr\/tr\/wp-json\/wp\/v2\/pages"}],"about":[{"href":"https:\/\/grupcam.com.tr\/tr\/wp-json\/wp\/v2\/types\/page"}],"author":[{"embeddable":true,"href":"https:\/\/grupcam.com.tr\/tr\/wp-json\/wp\/v2\/users\/1"}],"replies":[{"embeddable":true,"href":"https:\/\/grupcam.com.tr\/tr\/wp-json\/wp\/v2\/comments?post=8130"}],"version-history":[{"count":25,"href":"https:\/\/grupcam.com.tr\/tr\/wp-json\/wp\/v2\/pages\/8130\/revisions"}],"predecessor-version":[{"id":9103,"href":"https:\/\/grupcam.com.tr\/tr\/wp-json\/wp\/v2\/pages\/8130\/revisions\/9103"}],"wp:attachment":[{"href":"https:\/\/grupcam.com.tr\/tr\/wp-json\/wp\/v2\/media?parent=8130"}],"curies":[{"name":"wp","href":"https:\/\/api.w.org\/{rel}","templated":true}]}}